{"id":59,"date":"2015-02-19T11:00:40","date_gmt":"2015-02-19T11:00:40","guid":{"rendered":"http:\/\/rockelmann-pictures.24.eu\/wordpress\/?page_id=59"},"modified":"2025-09-10T11:36:25","modified_gmt":"2025-09-10T11:36:25","slug":"veranstaltungen","status":"publish","type":"page","link":"http:\/\/rockelmann-pictures.de\/wordpress\/index.php\/veranstaltungen\/","title":{"rendered":"Sommerfilmtage 2025"},"content":{"rendered":"<p><a href=\"http:\/\/rockelmann-pictures.de\/wordpress\/wp-content\/uploads\/2015\/02\/SFT-2017-Banner-B.jpg\"><img loading=\"lazy\" decoding=\"async\" class=\"alignnone wp-image-383\" src=\"http:\/\/rockelmann-pictures.de\/wordpress\/wp-content\/uploads\/2015\/02\/SFT-2017-Banner-B-1024x341.jpg\" alt=\"SFT-2017-Banner B\" width=\"1429\" height=\"476\" srcset=\"http:\/\/rockelmann-pictures.de\/wordpress\/wp-content\/uploads\/2015\/02\/SFT-2017-Banner-B-1024x341.jpg 1024w, http:\/\/rockelmann-pictures.de\/wordpress\/wp-content\/uploads\/2015\/02\/SFT-2017-Banner-B-300x100.jpg 300w, http:\/\/rockelmann-pictures.de\/wordpress\/wp-content\/uploads\/2015\/02\/SFT-2017-Banner-B-830x276.jpg 830w, http:\/\/rockelmann-pictures.de\/wordpress\/wp-content\/uploads\/2015\/02\/SFT-2017-Banner-B-550x183.jpg 550w, http:\/\/rockelmann-pictures.de\/wordpress\/wp-content\/uploads\/2015\/02\/SFT-2017-Banner-B-230x77.jpg 230w\" sizes=\"auto, (max-width: 1429px) 100vw, 1429px\" \/><\/a><\/p>\n<h2>vom 23.08. bis 12.09. 2025<\/h2>\n<p><a href=\"http:\/\/rockelmann-pictures.de\/wordpress\/wp-content\/uploads\/2025\/08\/kinotag-plakat-a3-scaled.jpg\"><img loading=\"lazy\" decoding=\"async\" class=\"alignnone size-large wp-image-606\" src=\"http:\/\/rockelmann-pictures.de\/wordpress\/wp-content\/uploads\/2025\/08\/kinotag-plakat-a3-724x1024.jpg\" alt=\"\" width=\"724\" height=\"1024\" srcset=\"http:\/\/rockelmann-pictures.de\/wordpress\/wp-content\/uploads\/2025\/08\/kinotag-plakat-a3-724x1024.jpg 724w, http:\/\/rockelmann-pictures.de\/wordpress\/wp-content\/uploads\/2025\/08\/kinotag-plakat-a3-212x300.jpg 212w, http:\/\/rockelmann-pictures.de\/wordpress\/wp-content\/uploads\/2025\/08\/kinotag-plakat-a3-768x1086.jpg 768w, http:\/\/rockelmann-pictures.de\/wordpress\/wp-content\/uploads\/2025\/08\/kinotag-plakat-a3-1086x1536.jpg 1086w, http:\/\/rockelmann-pictures.de\/wordpress\/wp-content\/uploads\/2025\/08\/kinotag-plakat-a3-1448x2048.jpg 1448w, http:\/\/rockelmann-pictures.de\/wordpress\/wp-content\/uploads\/2025\/08\/kinotag-plakat-a3-830x1174.jpg 830w, http:\/\/rockelmann-pictures.de\/wordpress\/wp-content\/uploads\/2025\/08\/kinotag-plakat-a3-230x325.jpg 230w, http:\/\/rockelmann-pictures.de\/wordpress\/wp-content\/uploads\/2025\/08\/kinotag-plakat-a3-350x495.jpg 350w, http:\/\/rockelmann-pictures.de\/wordpress\/wp-content\/uploads\/2025\/08\/kinotag-plakat-a3-480x679.jpg 480w, http:\/\/rockelmann-pictures.de\/wordpress\/wp-content\/uploads\/2025\/08\/kinotag-plakat-a3-600x849.jpg 600w, http:\/\/rockelmann-pictures.de\/wordpress\/wp-content\/uploads\/2025\/08\/kinotag-plakat-a3-scaled.jpg 1810w\" sizes=\"auto, (max-width: 724px) 100vw, 724px\" \/><\/a><\/p>\n<p><span style=\"font-size: 1.25em; font-weight: 600;\">Programm:<\/span><\/p>\n<h3 class=\"western\">Samstag, 23.08.25 \u00a0&#8211; 850 Jahre Schwarzenberg &#8211; Festumzug &#8211;<\/h3>\n<p class=\"western\">850 Jahre Schwarzenberg &#8211; Erleben sie noch einmal den gro\u00dfen Festumzug aus dem Jahre 2000 auf der Kinoleinwand. Ein Film von Udo Neubert in einer \u00fcberarbeiteten Fassung von 2021.\u00a0<\/p>\n<p><strong>ACHTUNG! \u00a0<\/strong>Wegen der niedrigen Temperaturen findet die Vorf\u00fchrung bereits um 19:00 Uhr im Ringkino statt.<\/p>\n<p class=\"western\"><span style=\"font-family: Arial,sans-serif;\">Ringkino Schwarzenberg <\/span><span style=\"font-family: Arial,sans-serif;\">Beginn: 19:00 Uhr Eintritt: frei<\/span><\/p>\n<p class=\"western\">&#8212;&#8212;&#8212;&#8212;&#8212;&#8212;&#8212;&#8212;&#8212;&#8212;&#8212;&#8212;&#8212;&#8212;&#8212;&#8212;-<\/p>\n<h3 class=\"western\"><span style=\"font-family: Arial,sans-serif;\">Freitag, 05.09.2025 &#8211;\u00a0<\/span><span style=\"font-family: Arial, sans-serif;\"><b>DER SPIELZEUGPRINZ &#8211;<\/b><\/span><\/h3>\n<p><a href=\"http:\/\/rockelmann-pictures.de\/wordpress\/wp-content\/uploads\/2025\/08\/SP-Plakat_A1-02-scaled.jpg\"><img loading=\"lazy\" decoding=\"async\" class=\"alignnone size-large wp-image-608\" src=\"http:\/\/rockelmann-pictures.de\/wordpress\/wp-content\/uploads\/2025\/08\/SP-Plakat_A1-02-725x1024.jpg\" alt=\"\" width=\"725\" height=\"1024\" srcset=\"http:\/\/rockelmann-pictures.de\/wordpress\/wp-content\/uploads\/2025\/08\/SP-Plakat_A1-02-725x1024.jpg 725w, http:\/\/rockelmann-pictures.de\/wordpress\/wp-content\/uploads\/2025\/08\/SP-Plakat_A1-02-212x300.jpg 212w, http:\/\/rockelmann-pictures.de\/wordpress\/wp-content\/uploads\/2025\/08\/SP-Plakat_A1-02-768x1085.jpg 768w, http:\/\/rockelmann-pictures.de\/wordpress\/wp-content\/uploads\/2025\/08\/SP-Plakat_A1-02-1087x1536.jpg 1087w, http:\/\/rockelmann-pictures.de\/wordpress\/wp-content\/uploads\/2025\/08\/SP-Plakat_A1-02-1449x2048.jpg 1449w, http:\/\/rockelmann-pictures.de\/wordpress\/wp-content\/uploads\/2025\/08\/SP-Plakat_A1-02-830x1173.jpg 830w, http:\/\/rockelmann-pictures.de\/wordpress\/wp-content\/uploads\/2025\/08\/SP-Plakat_A1-02-230x325.jpg 230w, http:\/\/rockelmann-pictures.de\/wordpress\/wp-content\/uploads\/2025\/08\/SP-Plakat_A1-02-350x495.jpg 350w, http:\/\/rockelmann-pictures.de\/wordpress\/wp-content\/uploads\/2025\/08\/SP-Plakat_A1-02-480x678.jpg 480w, http:\/\/rockelmann-pictures.de\/wordpress\/wp-content\/uploads\/2025\/08\/SP-Plakat_A1-02-600x848.jpg 600w, http:\/\/rockelmann-pictures.de\/wordpress\/wp-content\/uploads\/2025\/08\/SP-Plakat_A1-02-scaled.jpg 1812w\" sizes=\"auto, (max-width: 725px) 100vw, 725px\" \/><\/a><\/p>\n<p>Prinz Albrecht zu S\u00e4nftenberg steht kurz vor seiner Kr\u00f6nung zum K\u00f6nig. Den blassen J\u00fcngling (Marc-Sebastian Gerisch) plagt die Langeweile und eine unstillbare Leidenschaft nach Spielzeugen. Sein Vor-mund und Berater Messire Antoine (Jo\u00e8l Marion) r\u00e4t ihm zu einer Kur im allseits gelobten Spielzeugland. Seine\u00a0aufdringlichen Schmeicheleien befl\u00fcgeln die Hochn\u00e4sigkeit des Prinzen, nehmen ihm die Angst vor den Gefahren,\u00a0durch den unheimlichen Spiegelwald zu reisen. Prompt trifft er dort auf eine Zauberin, geht seiner Lakaien verlustig,\u00a0wird \u00fcberfallen und seiner Kleider beraubt. Hilflos verbringt er eine Nacht im Wald. Am n\u00e4chsten Morgen entdeckt\u00a0ihn ein seltsamer Waldl\u00e4ufer (Udo Neubert). Dieser stumme, unabl\u00e4ssig \u201eGrinsende\u201c hilft dem Prinzen aus der Klemme.\u00a0Fortan fahren sie gemeinsam ins vermeint-liche Spielzeugland. Bei einer Rast verlieren sich die Beiden. Albrecht ist wieder auf sich allein gestellt&#8230;<\/p>\n<p><strong>DER SPIELZEUGPRINZ<\/strong>\u00a0 Mit Marc-Sebastian Gerisch, Regie Udo Neubert, FSK 6<span class=\"Apple-converted-space\">\u00a0<\/span><\/p>\n<p><strong>ACHTUNG! \u00a0<\/strong>Wegen der zu erwartenden Niederschl\u00e4ge und niedrigen Temperaturen findet die Vorf\u00fchrung bereits um 19:00 Uhr im Ringkino statt.<\/p>\n<p class=\"western\">Ringkino Schwarzenberg Beginn: 19:00 Uhr Eintritt: frei<\/p>\n<p>&#8212;&#8212;&#8212;&#8212;&#8212;&#8212;&#8212;&#8212;&#8212;&#8212;&#8212;&#8212;&#8212;&#8212;&#8212;&#8212;&#8212;&#8212;&#8212;&#8212;&#8212;&#8212;&#8212;&#8212;&#8212;&#8212;&#8212;&#8212;&#8212;&#8212;&#8212;&#8212;&#8212;&#8212;&#8211;<\/p>\n<h3>Montag, 08.09.25 &#8211; EISERNE SPUREN &#8211; Schwarzenberg &amp; die Bahn<\/h3>\n<p><a href=\"http:\/\/rockelmann-pictures.de\/wordpress\/wp-content\/uploads\/2019\/07\/Eiserne-Spuren_a1_1s-kk.jpg\"><img loading=\"lazy\" decoding=\"async\" class=\"alignnone size-full wp-image-502\" src=\"http:\/\/rockelmann-pictures.de\/wordpress\/wp-content\/uploads\/2019\/07\/Eiserne-Spuren_a1_1s-kk.jpg\" alt=\"\" width=\"595\" height=\"842\" srcset=\"http:\/\/rockelmann-pictures.de\/wordpress\/wp-content\/uploads\/2019\/07\/Eiserne-Spuren_a1_1s-kk.jpg 595w, http:\/\/rockelmann-pictures.de\/wordpress\/wp-content\/uploads\/2019\/07\/Eiserne-Spuren_a1_1s-kk-212x300.jpg 212w, http:\/\/rockelmann-pictures.de\/wordpress\/wp-content\/uploads\/2019\/07\/Eiserne-Spuren_a1_1s-kk-550x778.jpg 550w, http:\/\/rockelmann-pictures.de\/wordpress\/wp-content\/uploads\/2019\/07\/Eiserne-Spuren_a1_1s-kk-230x325.jpg 230w\" sizes=\"auto, (max-width: 595px) 100vw, 595px\" \/><\/a><\/p>\n<hr \/>\n\n\n<p class=\"has-medium-font-size\"><\/p>\n\n\n\n<p>Schwarzenberg, die Perle im Erzgebirge, kann neben ihrem romantischen Charme auch auf eine rasante Entwicklung im Zeitalter der Industrialisierung zur\u00fcckblicken. Eine Entwicklung, die sie zur Industriestadt formte. Voraussetzung daf\u00fcr war die Erfindung der Eisenbahn. Diese Ver-kehrsrevolution erm\u00f6glichte die aufkommende Masseng\u00fcterproduktion in der 2. H\u00e4lfte des 19. Jahrhunderts. <\/p>\n\n\n\n<p>Doch wer wollte die Bahnverbindung Zwickau \u2013 Schwarzenberg, k\u00e4mpfte f\u00fcr deren Bau? Wie ver\u00e4nderte sie das Leben in der Stadt und den umliegenden Ortschaften? Welche Bedeutung kommt dem Verkehr auf der Schiene heute zu? <\/p>\n\n\n\n<p>Antworten auf diese, sowie viele andere Fragen, geben ehemalige und noch aktive Eisenbahner, aber auch Zeitzeugen aus den Betrieben von damals und heute. Ihre Erlebnisse und Erinnerungen lassen alte Zeiten wieder lebendig werden, wozu historische Filme aus Best\u00e4nden privater und \u00f6ffentlicher Quellen, wie des DFF aus dem Deutschen Rundfunkarchiv einen wichtigen Beitrag leisten.<\/p>\n\n\n\n<p>Eiserne Spuren \u2013 dieser Film sucht nach Relikten einer regen Industriekultur und ihrer Wechselwirkung mit der Eisenbahn in und um Schwarzenberg, beleuchtet dabei ein spannendes Kapitel der historischen Entwicklung ab Mitte des 19. Jahrhunderts. Hochzeiten wie die \u00c4ra des Uranerzbergbaus durch die SDAG Wismut r\u00fccken dabei ebenso ins Licht, wie auch der stetige R\u00fcckgang des G\u00fcterverkehrs seit Anfang der 1990er Jahre. Touristische Aktivit\u00e4ten auf der Schiene, sowie brandaktuelle Projekte der Forschung, gew\u00e4hren dabei durchaus hoffnungsvolle Ausblicke in die Zukunft des Bahnverkehrs im Erzgebirge.<\/p>\n\n\n\n<p><strong>EISERNE SPUREN<\/strong> ein Dokumentarfilm von Udo Neubert mit anschlie\u00dfender Gespr\u00e4chsrunde, FSK 0.&nbsp;<\/p>\n\n\n\n<p><strong>Ringkino<\/strong> Schwarzenberg Beginn: 19:00 Uhr Eintritt: frei<\/p>\n\n\n\n<hr class=\"wp-block-separator has-alpha-channel-opacity\"\/>\n\n\n\n<h2 class=\"wp-block-heading has-large-font-size\">Freitag, 12.09.25 &#8211; Literarischer Filmabend &#8211; Kurzfilme<\/h2>\n\n\n\n<p>Pfiffiger Filmabend und andere \u00dcberraschungen mit Jens Rosemann &amp; Max Rademann. An diesem Abend hat das geneigte Publikum im verrucht romantischen Ambiente des Naturtheaters SZB, anl\u00e4sslich des Stadtjubil\u00e4ums, die Gelegenheit echt erzgebirgische Animationsfilme zu bestaunen. Die zwei Kult-Underdogs in 2D, Peschi und Poschi, werden einmal mehr die Welt zwischen Oberjugel und Callela erkl\u00e4ren. \u00dcberdies darf sich auf Textbeitr\u00e4ge und andere Ausnahmeshoweinlagen gefreut werden. Eine wilde Achterbahnfahrt durch die geistigen Sch\u00e4chte entlang der Silberstra\u00dfe.<\/p>\n\n\n\n<p><strong>ACHTUNG! \u00a0<\/strong>                                                                                                                                                         Wegen der niedrigen Temperaturen findet die Vorf\u00fchrung bereits um 19:00 Uhr im Ringkino statt.<\/p>\n\n\n\n<p>Ringkino Schwarzenberg Beginn: 19:00 Uhr Eintritt: frei<\/p>\n","protected":false},"excerpt":{"rendered":"<p>vom 23.08. bis 12.09. 2025 Programm: Samstag, 23.08.25 \u00a0&#8211; 850 Jahre Schwarzenberg &#8211; Festumzug &#8211; 850 Jahre Schwarzenberg &#8211; Erleben sie noch einmal den gro\u00dfen Festumzug aus dem Jahre 2000 auf der Kinoleinwand. Ein Film von Udo Neubert in einer \u00fcberarbeiteten Fassung von 2021.\u00a0 ACHTUNG! \u00a0Wegen der niedrigen Temperaturen findet die Vorf\u00fchrung bereits um 19:00 [&hellip;]<\/p>\n","protected":false},"author":2,"featured_media":0,"parent":0,"menu_order":6,"comment_status":"closed","ping_status":"closed","template":"","meta":{"footnotes":"","_links_to":"","_links_to_target":""},"class_list":["post-59","page","type-page","status-publish","hentry"],"_links":{"self":[{"href":"http:\/\/rockelmann-pictures.de\/wordpress\/index.php\/wp-json\/wp\/v2\/pages\/59","targetHints":{"allow":["GET"]}}],"collection":[{"href":"http:\/\/rockelmann-pictures.de\/wordpress\/index.php\/wp-json\/wp\/v2\/pages"}],"about":[{"href":"http:\/\/rockelmann-pictures.de\/wordpress\/index.php\/wp-json\/wp\/v2\/types\/page"}],"author":[{"embeddable":true,"href":"http:\/\/rockelmann-pictures.de\/wordpress\/index.php\/wp-json\/wp\/v2\/users\/2"}],"replies":[{"embeddable":true,"href":"http:\/\/rockelmann-pictures.de\/wordpress\/index.php\/wp-json\/wp\/v2\/comments?post=59"}],"version-history":[{"count":82,"href":"http:\/\/rockelmann-pictures.de\/wordpress\/index.php\/wp-json\/wp\/v2\/pages\/59\/revisions"}],"predecessor-version":[{"id":626,"href":"http:\/\/rockelmann-pictures.de\/wordpress\/index.php\/wp-json\/wp\/v2\/pages\/59\/revisions\/626"}],"wp:attachment":[{"href":"http:\/\/rockelmann-pictures.de\/wordpress\/index.php\/wp-json\/wp\/v2\/media?parent=59"}],"curies":[{"name":"wp","href":"https:\/\/api.w.org\/{rel}","templated":true}]}}